{"id":33491,"date":"2022-01-27T12:23:14","date_gmt":"2022-01-27T09:23:14","guid":{"rendered":"http:\/\/turkaesthetic.com\/?page_id=33491"},"modified":"2025-08-18T19:17:04","modified_gmt":"2025-08-18T16:17:04","slug":"dental-veneer","status":"publish","type":"page","link":"https:\/\/www.turkaesthetic.com\/es\/dental-veneer\/","title":{"rendered":"Carillas Dentales"},"content":{"rendered":"\n<p>Las <strong>carillas dentales<\/strong> se consideran una de las opciones cosm\u00e9ticas m\u00e1s esenciales en la est\u00e9tica dental para lograr una sonrisa perfecta. Forman parte de la categor\u00eda de carillas cosm\u00e9ticas y se aplican a los dientes despu\u00e9s de un ligero limado de la superficie del diente. El t\u00e9rmino &#8216;carilla&#8217; se deriva del idioma ingl\u00e9s y significa &#8216;carillas&#8217;.<\/p>\n\n\n\n<figure class=\"wp-block-table\"><table><tbody><tr><td>Anestesia&nbsp;<\/td><td>Local&nbsp;<\/td><\/tr><tr><td>Duraci\u00f3n del proceso<\/td><td>2 Horas&nbsp;<\/td><\/tr><tr><td>Resultados<\/td><td>Inmediata &#8211; 10 a\u00f1os<\/td><\/tr><tr><td>Convalecencia<\/td><td>7 d\u00edas&nbsp;<\/td><\/tr><\/tbody><\/table><figcaption class=\"wp-element-caption\"><strong>carillas dentales<\/strong><\/figcaption><\/figure>\n\n\n\n<h2 class=\"wp-block-heading\">\u00bfC\u00f3mo se realizan las carillas dentales?<\/h2>\n\n\n\n<p>El proceso comienza con la discusi\u00f3n del caso con el dentista. Luego, se realizan radiograf\u00edas y un examen cl\u00ednico. El procedimiento comienza una vez que el dentista se asegura de que el caso se adapta a las carillas dentales. Primero, se lima la superficie de los dientes, luego se selecciona la forma y los colores. Se toman impresiones o medidas de los dientes y se env\u00edan al laboratorio para prepararlos. Finalmente, en la \u00faltima etapa, se instalan.<\/p>\n\n\n\n<h3 class=\"wp-block-heading\">Video de carillas dentales<\/h3>\n\n\n\n<p>En este breve v\u00eddeo ver\u00e1s c\u00f3mo funciona la sesi\u00f3n de carillas.<\/p>\n\n\n\n<figure class=\"wp-block-embed is-type-video is-provider-youtube wp-block-embed-youtube wp-embed-aspect-16-9 wp-has-aspect-ratio\"><div class=\"wp-block-embed__wrapper\">\n<iframe loading=\"lazy\" title=\"Dental Veneers - Turk Aesthetic\" width=\"800\" height=\"450\" src=\"https:\/\/www.youtube.com\/embed\/03FDckdC-Ew?feature=oembed\" frameborder=\"0\" allow=\"accelerometer; autoplay; clipboard-write; encrypted-media; gyroscope; picture-in-picture; web-share\" referrerpolicy=\"strict-origin-when-cross-origin\" allowfullscreen><\/iframe>\n<\/div><figcaption class=\"wp-element-caption\">Carillas Dentales<\/figcaption><\/figure>\n\n\n\n<h3 class=\"wp-block-heading\">\u00bfQui\u00e9n puede recibirlo?<\/h3>\n\n\n\n<p>Cualquier persona mayor de 18 a\u00f1os que goce de buena salud se considera apta para el tratamiento cosm\u00e9tico de carillas. Las personas m\u00e1s aptas son:<\/p>\n\n\n\n<ul class=\"wp-block-list\">\n<li>Que sufre de desalineaci\u00f3n de los dientes.<\/li>\n\n\n\n<li>Que sufre de decoloraci\u00f3n o pigmentaci\u00f3n permanente de los dientes.<\/li>\n\n\n\n<li>\u00bfQui\u00e9n no puede recibirlo?<\/li>\n\n\n\n<li>Este tratamiento es adecuado para un gran grupo de personas que desean lograr una sonrisa distintiva y armoniosa. Sin embargo, algunos casos pueden considerarse no aptos para este procedimiento, como:<\/li>\n<\/ul>\n\n\n\n<p>Aquellos con enfermedades infecciosas.<br>Aquellos con dientes que no se alinean perfectamente.<br>Aquellos con caries dentales profundas.<br>Aquellos con coronas dentales anteriores.<br>Aquellos con recesi\u00f3n significativa de las enc\u00edas.<\/p>\n\n\n\n<h3 class=\"wp-block-heading\">\u00bfQui\u00e9n realiza carillas dentales?<\/h3>\n\n\n\n<p>Este <a href=\"https:\/\/www.turkaesthetic.com\/es\/treatment-2\/\" target=\"_blank\" data-type=\"link\" data-id=\"https:\/\/www.turkaesthetic.com\/es\/treatment\/\" rel=\"noreferrer noopener\"><strong>tratamiento<\/strong><\/a> est\u00e1 incluido en la lista de procedimientos dentales, por lo que solo los dentistas est\u00e1n autorizados para realizar este tipo de tratamiento. Se recomienda encarecidamente una amplia experiencia en este campo para garantizar que los pacientes obtengan los resultados deseados. Turk Aesthetic recomienda a los clientes que seleccionen un dentista con mucha experiencia y eviten acudir a un especialista en laboratorios dentales para reducir los precios o por otras razones, ya que esto puede generar complicaciones futuras.<\/p>\n\n\n\n<h4 class=\"wp-block-heading\">Tipos de anestesia utilizados durante el tratamiento<\/h4>\n\n\n\n<p>Un m\u00e9todo de anestesia personalizado es apropiado para cada procedimiento cosm\u00e9tico o de tratamiento. Normalmente se utiliza anestesia local. La anestesia local generalmente es suficiente para las carillas dentales. Sin embargo, en casos raros, se puede utilizar anestesia temporal (sedaci\u00f3n) para pacientes con fobia a la anestesia local.a anestesia local.<\/p>\n\n\n\n<h2 class=\"wp-block-heading\">Pasos del procedimiento de carillas<\/h2>\n\n\n<div id=\"rank-math-howto\" class=\"rank-math-block\" >\n<div class=\"rank-math-howto-description\">\n\n<p>Las etapas del trabajo de los M\u00e9dicos Dentalesse explicar\u00e1n en detalle en los siguientes p\u00e1rrafos, comenzando con los primeros pasos y terminando con las \u00faltimas etapas del procedimiento:<\/p>\n\n<\/div>\n<p class=\"rank-math-howto-duration\"><strong>Tiempo total:<\/strong> <span>7 d\u00edas<\/span><\/p>\n<div class=\"rank-math-steps \">\n<div id=\"howto-step-1675375738862\" class=\"rank-math-step\">\n<h3 class=\"rank-math-step-title \">Antes del proceso<\/h3>\n<div class=\"rank-math-step-content \"><p>En primer lugar, el paciente se pone en contacto con el equipo m\u00e9dico de Turk Aesthetic. A continuaci\u00f3n, el dentista especializado analiza el caso y elabora un plan inicial aproximado, que comparte con el paciente. Durante la visita del paciente a Turk Aesthetic Clinic, el equipo recopila informaci\u00f3n personal y de salud significativa y toma radiograf\u00edas. El dentista eval\u00faa esta informaci\u00f3n para asegurarse de que todo est\u00e9 listo para dise\u00f1ar las carillas.<\/p>\n<\/div>\n<\/div>\n<div id=\"howto-step-1675375764918\" class=\"rank-math-step\">\n<h3 class=\"rank-math-step-title \">Durante el proceso<\/h3>\n<div class=\"rank-math-step-content \"><p>El paciente elige la cantidad de dientes que desea obtener. Luego, el dentista prepara los dientes y selecciona el color y la forma adecuados. El dentista toma los tama\u00f1os e impresiones de los dientes y los env\u00eda al laboratorio para dise\u00f1ar las carillas.<\/p>\n<\/div>\n<\/div>\n<div id=\"howto-step-1675375772741\" class=\"rank-math-step\">\n<h3 class=\"rank-math-step-title \">Despu\u00e9s del proceso<\/h3>\n<div class=\"rank-math-step-content \"><p>Como cualquier procedimiento, debe prestar atenci\u00f3n a las instrucciones que le brinden el dentista y el equipo de Turk Aesthetic tanto como sea posible para obtener los mejores resultados posibles. Si tiene alguna pregunta adicional, no dude en comunicarse con el asesor m\u00e9dico para obtener el apoyo y el asesoramiento necesarios.<\/p>\n<\/div>\n<\/div>\n<\/div>\n<\/div>\n<p class=\"rank-math-howto-estimatedCost\"><strong>Coste estimado:<\/strong> <span>190 EUR<\/span><\/p>\n\n\n\n\n\n<h3 class=\"wp-block-heading\">Carillas antes y despu\u00e9s<\/h3>\n\n\n\n<p>Aqu\u00ed algunas fotos de antes y despu\u00e9s de carillas dentales en Turk Aesthetic.<\/p>\n\n\n<style>.kb-gallery-id-33491_3b848d-92 .kadence-blocks-gallery-item .kb-gal-image-radius, .kb-gallery-id-33491_3b848d-92 .kb-slide-item .kb-gal-image-radius img{border-radius:0px 0px 0px 0px;;}.kb-gallery-wrap-id-33491_3b848d-92.wp-block-kadence-advancedgallery{overflow:visible;}.kb-gallery-wrap-id-33491_3b848d-92.wp-block-kadence-advancedgallery .kt-blocks-carousel{overflow:visible;}<\/style><div class=\"kb-gallery-wrap-id-33491_3b848d-92 alignnone wp-block-kadence-advancedgallery\"><div class=\"kb-gallery-ul kb-gallery-non-static kb-gallery-type-slider kb-gallery-id-33491_3b848d-92 kb-gallery-caption-style-bottom-hover kb-gallery-filter-none\" data-image-filter=\"none\" data-lightbox-caption=\"true\"><div class=\"kt-blocks-carousel splide kt-carousel-container-dotstyle-dark kt-carousel-arrowstyle-whiteondark kt-carousel-dotstyle-dark kb-slider-group-arrow kb-slider-arrow-position-center\" data-slider-anim-speed=\"400\" data-slider-scroll=\"1\" data-slider-arrows=\"true\" data-slider-fade=\"true\" data-slider-dots=\"true\" data-slider-type=\"slider\" data-slider-hover-pause=\"false\" data-slider-auto=\"\" data-slider-speed=\"7000\" data-show-pause-button=\"false\"><div class=\"splide__track\"><ul class=\"kt-blocks-carousel-init kb-blocks-slider splide__list\"><li class=\"kb-slide-item kb-gallery-slide-item splide__slide\"><div class=\"kadence-blocks-gallery-item\"><div class=\"kadence-blocks-gallery-item-inner\"><figure class=\"kb-gallery-figure kadence-blocks-gallery-item-hide-caption\"><div class=\"kb-gal-image-radius\"><div class=\"kb-gallery-image-contain kadence-blocks-gallery-intrinsic kb-gallery-image-ratio-land32 kb-has-image-ratio-land32\" ><img loading=\"lazy\" decoding=\"async\" src=\"https:\/\/www.turkaesthetic.com\/wp-content\/uploads\/2023\/11\/before-after-veneer-1.jpg\" width=\"1200\" height=\"800\" alt=\"Antes y despu\u00e9s de las carillas dentales\" data-full-image=\"https:\/\/www.turkaesthetic.com\/wp-content\/uploads\/2023\/11\/before-after-veneer-1.jpg\" data-light-image=\"https:\/\/www.turkaesthetic.com\/wp-content\/uploads\/2023\/11\/before-after-veneer-1.jpg\" data-id=\"46832\" class=\"wp-image-46832 skip-lazy\"\/><\/div><\/div><\/figure><\/div><\/div><\/li><li class=\"kb-slide-item kb-gallery-slide-item splide__slide\"><div class=\"kadence-blocks-gallery-item\"><div class=\"kadence-blocks-gallery-item-inner\"><figure class=\"kb-gallery-figure kadence-blocks-gallery-item-hide-caption\"><div class=\"kb-gal-image-radius\"><div class=\"kb-gallery-image-contain kadence-blocks-gallery-intrinsic kb-gallery-image-ratio-land32 kb-has-image-ratio-land32\" ><img loading=\"lazy\" decoding=\"async\" src=\"https:\/\/www.turkaesthetic.com\/wp-content\/uploads\/2023\/11\/before-after-veneer-2.jpg\" width=\"1200\" height=\"800\" alt=\"Antes y despu\u00e9s de las carillas dentales\" data-full-image=\"https:\/\/www.turkaesthetic.com\/wp-content\/uploads\/2023\/11\/before-after-veneer-2.jpg\" data-light-image=\"https:\/\/www.turkaesthetic.com\/wp-content\/uploads\/2023\/11\/before-after-veneer-2.jpg\" data-id=\"46841\" class=\"wp-image-46841 skip-lazy\"\/><\/div><\/div><\/figure><\/div><\/div><\/li><li class=\"kb-slide-item kb-gallery-slide-item splide__slide\"><div class=\"kadence-blocks-gallery-item\"><div class=\"kadence-blocks-gallery-item-inner\"><figure class=\"kb-gallery-figure kadence-blocks-gallery-item-hide-caption\"><div class=\"kb-gal-image-radius\"><div class=\"kb-gallery-image-contain kadence-blocks-gallery-intrinsic kb-gallery-image-ratio-land32 kb-has-image-ratio-land32\" ><img loading=\"lazy\" decoding=\"async\" src=\"https:\/\/www.turkaesthetic.com\/wp-content\/uploads\/2023\/11\/before-after-veneer-2-1.jpg\" width=\"1200\" height=\"800\" alt=\"Antes y despu\u00e9s de las carillas dentales\" data-full-image=\"https:\/\/www.turkaesthetic.com\/wp-content\/uploads\/2023\/11\/before-after-veneer-2-1.jpg\" data-light-image=\"https:\/\/www.turkaesthetic.com\/wp-content\/uploads\/2023\/11\/before-after-veneer-2-1.jpg\" data-id=\"47106\" class=\"wp-image-47106 skip-lazy\"\/><\/div><\/div><\/figure><\/div><\/div><\/li><li class=\"kb-slide-item kb-gallery-slide-item splide__slide\"><div class=\"kadence-blocks-gallery-item\"><div class=\"kadence-blocks-gallery-item-inner\"><figure class=\"kb-gallery-figure kadence-blocks-gallery-item-hide-caption\"><div class=\"kb-gal-image-radius\"><div class=\"kb-gallery-image-contain kadence-blocks-gallery-intrinsic kb-gallery-image-ratio-land32 kb-has-image-ratio-land32\" ><img loading=\"lazy\" decoding=\"async\" src=\"https:\/\/www.turkaesthetic.com\/wp-content\/uploads\/2023\/11\/before-after-veneer-3.jpg\" width=\"1200\" height=\"800\" alt=\"Antes y despu\u00e9s de las carillas dentales\" data-full-image=\"https:\/\/www.turkaesthetic.com\/wp-content\/uploads\/2023\/11\/before-after-veneer-3.jpg\" data-light-image=\"https:\/\/www.turkaesthetic.com\/wp-content\/uploads\/2023\/11\/before-after-veneer-3.jpg\" data-id=\"46859\" class=\"wp-image-46859 skip-lazy\"\/><\/div><\/div><\/figure><\/div><\/div><\/li><li class=\"kb-slide-item kb-gallery-slide-item splide__slide\"><div class=\"kadence-blocks-gallery-item\"><div class=\"kadence-blocks-gallery-item-inner\"><figure class=\"kb-gallery-figure kadence-blocks-gallery-item-hide-caption\"><div class=\"kb-gal-image-radius\"><div class=\"kb-gallery-image-contain kadence-blocks-gallery-intrinsic kb-gallery-image-ratio-land32 kb-has-image-ratio-land32\" ><img loading=\"lazy\" decoding=\"async\" src=\"https:\/\/www.turkaesthetic.com\/wp-content\/uploads\/2023\/11\/before-after-veneer-4.jpg\" width=\"1200\" height=\"800\" alt=\"Antes y despu\u00e9s de las carillas dentales\" data-full-image=\"https:\/\/www.turkaesthetic.com\/wp-content\/uploads\/2023\/11\/before-after-veneer-4.jpg\" data-light-image=\"https:\/\/www.turkaesthetic.com\/wp-content\/uploads\/2023\/11\/before-after-veneer-4.jpg\" data-id=\"46868\" class=\"wp-image-46868 skip-lazy\"\/><\/div><\/div><\/figure><\/div><\/div><\/li><\/ul><\/div><\/div><\/div><\/div>\n\n\n<h3 class=\"wp-block-heading\">Instrucciones de cuidados posteriores<\/h3>\n\n\n\n<p>Cada tratamiento o procedimiento cosm\u00e9tico tiene instrucciones especiales para obtener los mejores resultados. Mencionaremos las instrucciones m\u00e1s importantes que debe seguir el paciente:<\/p>\n\n\n\n<p>Seguir meticulosamente las instrucciones del dentista y del equipo de Turk Aesthetic.<br>Evitar alimentos y bebidas que puedan causar sensibilidad en los dientes o enc\u00edas en los primeros d\u00edas.<br>Abstenerse de usar los dientes con brusquedad al comer o en otros casos.<br>Prestar atenci\u00f3n a la seguridad y la salud de la boca se puede lograr visitando al dentista de forma peri\u00f3dica y regular.<br>Limpieza dental diaria en casa.<\/p>\n\n\n\n<h3 class=\"wp-block-heading\"><br>Pros y contras<\/h3>\n\n\n\n<p>A continuaci\u00f3n, mencionaremos los principales pros y contras de las carillas dentales:<\/p>\n\n\n\n<h4 class=\"wp-block-heading\">Desventajas<\/h4>\n\n\n\n<p>Una de las desventajas m\u00e1s importantes es que las personas que pretenden tener lentillas dentales pueden sufrir de sensibilidad. Debes prestar atenci\u00f3n al comer porque el mal uso de estas lentillas puede acortar su vida \u00fatil o provocar fracturas.<\/p>\n\n\n\n<h4 class=\"wp-block-heading\">Ventajas<\/h4>\n\n\n\n<p>Una de las ventajas m\u00e1s importantes que puede obtener una persona tras las carillas dentales, o lentillas dentales, es eliminar la forma irregular de los dientes y conseguir un color m\u00e1s blanco en un periodo muy corto.<\/p>\n\n\n\n<h5 class=\"wp-block-heading\">Efectos secundarios<\/h5>\n\n\n\n<p>Los efectos secundarios de las lentillas dentales son sencillos. La sensibilidad puede aparecer en raras ocasiones en las enc\u00edas y desaparecer durante los primeros d\u00edas. Tambi\u00e9n puede aparecer algo de enrojecimiento en la zona de las enc\u00edas o un ligero picor al comer o beber en los primeros d\u00edas.<\/p>\n\n\n\n<h3 class=\"wp-block-heading\">Carillas dentales en Turqu\u00eda Estambul<\/h3>\n\n\n\n<p>Hoy en d\u00eda, Turqu\u00eda, especialmente Estambul, es uno de los destinos tur\u00edsticos y m\u00e9dicos m\u00e1s famosos, y muchas personas de pa\u00edses \u00e1rabes y europeos lo visitan ya sea por turismo o con fines terap\u00e9uticos. Los tratamientos dentales en general y las carillas cosm\u00e9ticas en particular se clasifican entre los tratamientos dentales m\u00e1s famosos que se realizan en las cl\u00ednicas <a href=\"https:\/\/www.turkaesthetic.com\/es\/dental-implants\/\" target=\"_blank\" data-type=\"link\" data-id=\"https:\/\/www.turkaesthetic.com\/es\/dental-implants\/\" rel=\"noreferrer noopener\">dentales<\/a> de Turqu\u00eda, Estambul.<\/p>\n\n\n\n<h3 class=\"wp-block-heading\">Coste de las carillas dentales<\/h3>\n\n\n\n<p>Varios factores determinan el <a href=\"https:\/\/www.turkaesthetic.com\/es\/dental\/veneer-cost\/\" target=\"_blank\" data-type=\"link\" data-id=\"https:\/\/www.turkaesthetic.com\/es\/dentistry-es\/veneer-cost\/\" rel=\"noreferrer noopener\">coste de las carillas dentales<\/a>, siendo los m\u00e1s importantes:<\/p>\n\n\n\n<ul class=\"wp-block-list\">\n<li>N\u00famero de dientes.<\/li>\n\n\n\n<li>La calidad.<\/li>\n\n\n\n<li>La experiencia del m\u00e9dico.<\/li>\n\n\n\n<li>La reputaci\u00f3n del hospital o de la cl\u00ednica.<\/li>\n\n\n\n<li>Los servicios que se ofrecen en el paquete de tratamiento.<\/li>\n\n\n\n<li>El coste es asequible para muchas personas en comparaci\u00f3n con los precios en otros pa\u00edses \u00e1rabes y extranjeros. En Turk Aesthetic, el coste por diente es de 190 euros.<\/li>\n<\/ul>\n\n\n\n<h2 class=\"wp-block-heading\">Preguntas Frecuentes<\/h2>\n\n\n<div id=\"rank-math-faq\" class=\"rank-math-block\">\n<div class=\"rank-math-list \">\n<div id=\"faq-question-1725099020906\" class=\"rank-math-list-item\">\n<h3 class=\"rank-math-question \">\u00bfCu\u00e1nto cuestan las carillas?<\/h3>\n<div class=\"rank-math-answer \">\n\n<p>El coste medio por diente es de 190 euros.<\/p>\n\n<\/div>\n<\/div>\n<div id=\"faq-question-1725099025348\" class=\"rank-math-list-item\">\n<h3 class=\"rank-math-question \">\u00bfCu\u00e1nto duran los resultados?<\/h3>\n<div class=\"rank-math-answer \">\n\n<p>Duran un m\u00ednimo de 10 a\u00f1os.<\/p>\n\n<\/div>\n<\/div>\n<div id=\"faq-question-1725099030964\" class=\"rank-math-list-item\">\n<h3 class=\"rank-math-question \">\u00bfCu\u00e1l es la diferencia entre las carillas dentales y las coronas dentales?<\/h3>\n<div class=\"rank-math-answer \">\n\n<p>La diferencia entre las carillas dentales y las coronas dentales es que las carillas dentales consisten en peque\u00f1as lentes instaladas en la superficie exterior de los dientes. En cuanto a las coronas dentales, cubren completamente los dientes con circ\u00f3n o materiales cer\u00e1micos.<\/p>\n\n<\/div>\n<\/div>\n<div id=\"faq-question-1725099036780\" class=\"rank-math-list-item\">\n<h3 class=\"rank-math-question \">\u00bfQu\u00e9 material se utiliza para fabricar las lentes dentales?<\/h3>\n<div class=\"rank-math-answer \">\n\n<p>El circ\u00f3n alem\u00e1n y el Emax americano son los materiales m\u00e1s famosos para las lentes dentales.<\/p>\n\n<\/div>\n<\/div>\n<div id=\"faq-question-1725099043460\" class=\"rank-math-list-item\">\n<h3 class=\"rank-math-question \">\u00bfSe liman los dientes para las carillas dentales?<\/h3>\n<div class=\"rank-math-answer \">\n\n<p>Los dientes se liman ligeramente antes de colocar las carillas.<\/p>\n\n<\/div>\n<\/div>\n<div id=\"faq-question-1725099050564\" class=\"rank-math-list-item\">\n<h3 class=\"rank-math-question \">\u00bfCu\u00e1nto dura el tratamiento?<\/h3>\n<div class=\"rank-math-answer \">\n\n<p>Alrededor de siete d\u00edas.<\/p>\n\n<\/div>\n<\/div>\n<\/div>\n<\/div>\n\n\n<p>Y finalmente, puede ponerse en\u00a0<a href=\"https:\/\/www.turkaesthetic.com\/es\/contact-us\/\" target=\"_blank\" data-type=\"link\" data-id=\"https:\/\/www.turkaesthetic.com\/es\/contact-us\/\" rel=\"noreferrer noopener\"><strong>contacto<\/strong>\u00a0<\/a>directamente para solicitar informaci\u00f3n y precios al de\u00a0<strong><a href=\"https:\/\/www.youtube.com\/channel\/UC0zggzdm5CFwpRMmn_CPpFQ\" target=\"_blank\" rel=\"noreferrer noopener\">Turk Aesthetic<\/a><\/strong>.<a href=\"http:\/\/turkaesthetic.com\/es\/beard-transplant\/\"><\/a><\/p>\n","protected":false},"excerpt":{"rendered":"<p>Las carillas dentales se consideran una de las opciones cosm\u00e9ticas m\u00e1s esenciales en la est\u00e9tica dental para lograr una sonrisa perfecta. Forman parte de la categor\u00eda de carillas cosm\u00e9ticas y se aplican a los dientes despu\u00e9s de un ligero limado de la superficie del diente. El t\u00e9rmino &#8216;carilla&#8217; se deriva del idioma ingl\u00e9s y significa [&hellip;]<\/p>\n","protected":false},"author":1,"featured_media":19856,"parent":0,"menu_order":0,"comment_status":"closed","ping_status":"closed","template":"","meta":{"footnotes":""},"dep":[1356],"class_list":["post-33491","page","type-page","status-publish","has-post-thumbnail","hentry","dep-cosmetic-dentistry"],"_links":{"self":[{"href":"https:\/\/www.turkaesthetic.com\/es\/wp-json\/wp\/v2\/pages\/33491","targetHints":{"allow":["GET"]}}],"collection":[{"href":"https:\/\/www.turkaesthetic.com\/es\/wp-json\/wp\/v2\/pages"}],"about":[{"href":"https:\/\/www.turkaesthetic.com\/es\/wp-json\/wp\/v2\/types\/page"}],"author":[{"embeddable":true,"href":"https:\/\/www.turkaesthetic.com\/es\/wp-json\/wp\/v2\/users\/1"}],"replies":[{"embeddable":true,"href":"https:\/\/www.turkaesthetic.com\/es\/wp-json\/wp\/v2\/comments?post=33491"}],"version-history":[{"count":0,"href":"https:\/\/www.turkaesthetic.com\/es\/wp-json\/wp\/v2\/pages\/33491\/revisions"}],"wp:featuredmedia":[{"embeddable":true,"href":"https:\/\/www.turkaesthetic.com\/es\/wp-json\/wp\/v2\/media\/19856"}],"wp:attachment":[{"href":"https:\/\/www.turkaesthetic.com\/es\/wp-json\/wp\/v2\/media?parent=33491"}],"wp:term":[{"taxonomy":"dep","embeddable":true,"href":"https:\/\/www.turkaesthetic.com\/es\/wp-json\/wp\/v2\/dep?post=33491"}],"curies":[{"name":"wp","href":"https:\/\/api.w.org\/{rel}","templated":true}]}}